{"id":4561,"date":"2022-12-22T11:54:07","date_gmt":"2022-12-22T10:54:07","guid":{"rendered":"https:\/\/conocersevilla.com\/wp\/?page_id=4561"},"modified":"2024-07-04T13:52:28","modified_gmt":"2024-07-04T12:52:28","slug":"servicios-personalizados","status":"publish","type":"page","link":"https:\/\/conocersevilla.com\/wp\/servicios-personalizados\/","title":{"rendered":"Servicios personalizados"},"content":{"rendered":"\n[et_pb_section fb_built=\u00bb1&#8243; custom_padding_last_edited=\u00bbon|phone\u00bb _builder_version=\u00bb4.19.1&#8243; _module_preset=\u00bbdefault\u00bb background_enable_color=\u00bboff\u00bb background_enable_image=\u00bboff\u00bb background_blend=\u00bbdarken\u00bb custom_padding=\u00bb65px||69px||false|\u00bb custom_padding_tablet=\u00bb140px||69px||false|\u00bb custom_padding_phone=\u00bb0px||0px||false|false\u00bb global_colors_info=\u00bb{}\u00bb][et_pb_row _builder_version=\u00bb4.19.1&#8243; _module_preset=\u00bbdefault\u00bb global_colors_info=\u00bb{}\u00bb][et_pb_column type=\u00bb4_4&#8243; _builder_version=\u00bb4.19.1&#8243; _module_preset=\u00bbdefault\u00bb global_colors_info=\u00bb{}\u00bb][et_pb_text _builder_version=\u00bb4.19.1&#8243; _module_preset=\u00bbdefault\u00bb header_font=\u00bbPoppins|700||on|||||\u00bb header_text_align=\u00bbcenter\u00bb header_text_color=\u00bb#000000&#8243; header_font_size=\u00bb73px\u00bb custom_margin=\u00bb||||false|false\u00bb header_font_size_tablet=\u00bb105px\u00bb header_font_size_phone=\u00bb34px\u00bb header_font_size_last_edited=\u00bbon|phone\u00bb global_colors_info=\u00bb{}\u00bb]<h1><span class=\"ez-toc-section\" id=\"Servicios_Personalizados_y_Exclusivos\"><\/span>Servicios Personalizados y Exclusivos<span class=\"ez-toc-section-end\"><\/span><\/h1><div id=\"ez-toc-container\" class=\"ez-toc-v2_0_82_2 counter-hierarchy ez-toc-counter ez-toc-grey ez-toc-container-direction\">\n<div class=\"ez-toc-title-container\">\n<p class=\"ez-toc-title\" style=\"cursor:inherit\">Contenidos de la p\u00e1gina<\/p>\n<span class=\"ez-toc-title-toggle\"><a href=\"#\" class=\"ez-toc-pull-right ez-toc-btn ez-toc-btn-xs ez-toc-btn-default ez-toc-toggle\" aria-label=\"Alternar tabla de contenidos\"><span class=\"ez-toc-js-icon-con\"><span class=\"\"><span class=\"eztoc-hide\" style=\"display:none;\">Toggle<\/span><span class=\"ez-toc-icon-toggle-span\"><svg style=\"fill: #999;color:#999\" xmlns=\"http:\/\/www.w3.org\/2000\/svg\" class=\"list-377408\" width=\"20px\" height=\"20px\" viewBox=\"0 0 24 24\" fill=\"none\"><path d=\"M6 6H4v2h2V6zm14 0H8v2h12V6zM4 11h2v2H4v-2zm16 0H8v2h12v-2zM4 16h2v2H4v-2zm16 0H8v2h12v-2z\" fill=\"currentColor\"><\/path><\/svg><svg style=\"fill: #999;color:#999\" class=\"arrow-unsorted-368013\" xmlns=\"http:\/\/www.w3.org\/2000\/svg\" width=\"10px\" height=\"10px\" viewBox=\"0 0 24 24\" version=\"1.2\" baseProfile=\"tiny\"><path d=\"M18.2 9.3l-6.2-6.3-6.2 6.3c-.2.2-.3.4-.3.7s.1.5.3.7c.2.2.4.3.7.3h11c.3 0 .5-.1.7-.3.2-.2.3-.5.3-.7s-.1-.5-.3-.7zM5.8 14.7l6.2 6.3 6.2-6.3c.2-.2.3-.5.3-.7s-.1-.5-.3-.7c-.2-.2-.4-.3-.7-.3h-11c-.3 0-.5.1-.7.3-.2.2-.3.5-.3.7s.1.5.3.7z\"\/><\/svg><\/span><\/span><\/span><\/a><\/span><\/div>\n<nav><ul class='ez-toc-list ez-toc-list-level-1 eztoc-toggle-hide-by-default' ><li class='ez-toc-page-1 ez-toc-heading-level-1'><a class=\"ez-toc-link ez-toc-heading-1\" href=\"https:\/\/conocersevilla.com\/wp\/servicios-personalizados\/#Servicios_Personalizados_y_Exclusivos\" >Servicios Personalizados y Exclusivos<\/a><ul class='ez-toc-list-level-3' ><li class='ez-toc-heading-level-3'><ul class='ez-toc-list-level-3' ><li class='ez-toc-heading-level-3'><a class=\"ez-toc-link ez-toc-heading-2\" href=\"https:\/\/conocersevilla.com\/wp\/servicios-personalizados\/#Nuestros_servicios_personalizados_y_exclusivos_pueden_ser\" >Nuestros servicios personalizados y exclusivos pueden ser:<\/a><\/li><li class='ez-toc-page-1 ez-toc-heading-level-3'><a class=\"ez-toc-link ez-toc-heading-3\" href=\"https:\/\/conocersevilla.com\/wp\/servicios-personalizados\/#Otros_servicios_personalizados\" >Otros servicios personalizados:<\/a><\/li><\/ul><\/li><\/ul><\/li><\/ul><\/nav><\/div>\n[\/et_pb_text][\/et_pb_column][\/et_pb_row][\/et_pb_section][et_pb_section fb_built=\u00bb1&#8243; _builder_version=\u00bb4.19.1&#8243; _module_preset=\u00bbdefault\u00bb background_color=\u00bb#0C71C3&#8243; box_shadow_style=\u00bbpreset1&#8243; box_shadow_color=\u00bb#0C71C3&#8243; global_colors_info=\u00bb{}\u00bb][et_pb_row column_structure=\u00bb1_2,1_2&#8243; _builder_version=\u00bb4.19.1&#8243; _module_preset=\u00bbdefault\u00bb max_width=\u00bb80%\u00bb global_colors_info=\u00bb{}\u00bb][et_pb_column type=\u00bb1_2&#8243; _builder_version=\u00bb4.19.1&#8243; _module_preset=\u00bbdefault\u00bb animation_style=\u00bbslide\u00bb global_colors_info=\u00bb{}\u00bb][et_pb_text _builder_version=\u00bb4.19.1&#8243; _module_preset=\u00bbdefault\u00bb text_font=\u00bbPoppins||||||||\u00bb text_text_color=\u00bb#FFFFFF\u00bb text_font_size=\u00bb18px\u00bb text_line_height=\u00bb1.4em\u00bb header_text_color=\u00bb#FFFFFF\u00bb custom_margin=\u00bb3px||||false|false\u00bb custom_margin_tablet=\u00bb125px||23px|||\u00bb custom_margin_phone=\u00bb0px||0px||false|false\u00bb custom_margin_last_edited=\u00bbon|phone\u00bb text_font_size_tablet=\u00bb18px\u00bb text_font_size_phone=\u00bb15px\u00bb text_font_size_last_edited=\u00bbon|phone\u00bb global_colors_info=\u00bb{}\u00bb]Si usted desea <strong>un servicio personalizado y exclusivo realizado a su medida<\/strong>\u00a0 sin compartir con otras personas, <strong><a href=\"http:\/\/conocersevilla.com\/\"><span style=\"color: white;\">ConocerSevilla<\/span><\/a><\/strong> tambi\u00e9n se lo ofrece, nuestra idea es dar servicio a todos los clientes y atender personalmente sus peticiones por muy exigentes y exclusivas que estas sean a trav\u00e9s de nuestras <strong>visitas privadas a Sevilla<\/strong>.\n\n<strong>Podemos ofrecerle <a href=\"https:\/\/conocersevilla.com\/wp\/actividades-para-eventos-en-sevilla\/\" target=\"_blank\" rel=\"noopener noreferrer\"><span style=\"color: white;\">productos exclusivos<\/span><\/a> para usted o para su grupo de amigos, empresa.<\/strong>. o bien <strong>dise\u00f1ar algo a su medida<\/strong>. Gracias a nuestra gesti\u00f3n podr\u00e1n acceder a lugares singulares de <strong>forma exclusiva<\/strong>,\u00a0 visitar talleres artesanos ( escultores, orfebres, ceramistas.), cerrar palacios, conciertos privados, visitas individualizadas a museos o monogr\u00e1ficos sobre una tem\u00e1tica\n\n<span>Pero podemos dar un paso m\u00e1s, y descubrir lugares \u00fanicos con visitas que <\/span><em>s\u00f3lo realiza nuestra empresa<\/em><span> como las <\/span><strong>Cubiertas de la Catedral<\/strong><span> de Sevilla, donde podr\u00e1 conocer no s\u00f3lo la historia de la Catedral si no la ciudad de una forma que nunca se imagin\u00f3. Adem\u00e1s de espacios inaccesibles para el gran p\u00fablico y que podemos abrir a nuestros clientes<\/span>[\/et_pb_text][\/et_pb_column][et_pb_column type=\u00bb1_2&#8243; _builder_version=\u00bb4.19.1&#8243; _module_preset=\u00bbdefault\u00bb animation_style=\u00bbslide\u00bb animation_direction=\u00bbright\u00bb global_colors_info=\u00bb{}\u00bb][et_pb_image src=\u00bbhttps:\/\/conocersevilla.com\/wp\/wp-content\/uploads\/2018\/06\/giralda-desde-cubiertas.jpg\u00bb alt=\u00bbCubiertas catedral visita exclusiva\u00bb title_text=\u00bbgiralda desde cubiertas\u00bb align=\u00bbcenter\u00bb _builder_version=\u00bb4.19.2&#8243; _module_preset=\u00bbdefault\u00bb width=\u00bb100%\u00bb width_tablet=\u00bb100%\u00bb width_phone=\u00bb100%\u00bb width_last_edited=\u00bbon|phone\u00bb custom_margin=\u00bb|163px||||\u00bb custom_padding=\u00bb|||2px||\u00bb border_radii=\u00bbon|20px|20px|20px|20px\u00bb box_shadow_style=\u00bbpreset1&#8243; box_shadow_color=\u00bbrgba(255,255,255,0.58)\u00bb global_colors_info=\u00bb{}\u00bb][\/et_pb_image][\/et_pb_column][\/et_pb_row][\/et_pb_section][et_pb_section fb_built=\u00bb1&#8243; _builder_version=\u00bb4.19.1&#8243; _module_preset=\u00bbdefault\u00bb custom_margin=\u00bb50px||||false|false\u00bb animation_style=\u00bbbounce\u00bb animation_direction=\u00bbright\u00bb box_shadow_style=\u00bbpreset1&#8243; box_shadow_spread=\u00bb5px\u00bb global_colors_info=\u00bb{}\u00bb][et_pb_row _builder_version=\u00bb4.19.1&#8243; _module_preset=\u00bbdefault\u00bb max_width=\u00bb80%\u00bb global_colors_info=\u00bb{}\u00bb][et_pb_column type=\u00bb4_4&#8243; _builder_version=\u00bb4.19.1&#8243; _module_preset=\u00bbdefault\u00bb global_colors_info=\u00bb{}\u00bb][et_pb_text _builder_version=\u00bb4.19.1&#8243; _module_preset=\u00bbdefault\u00bb text_text_color=\u00bb#000000&#8243; text_font_size=\u00bb18px\u00bb header_font=\u00bbAlegreya SC||||||||\u00bb header_2_font=\u00bbAlegreya SC||||||||\u00bb header_3_font=\u00bbPoppins|600|||||||\u00bb header_3_text_align=\u00bbleft\u00bb header_3_text_color=\u00bb#000000&#8243; header_3_font_size=\u00bb30px\u00bb custom_margin=\u00bb||9px|||\u00bb header_3_font_size_phone=\u00bb30px\u00bb header_3_font_size_last_edited=\u00bboff|phone\u00bb global_colors_info=\u00bb{}\u00bb]<h3 style=\"text-align: left;\"><span class=\"ez-toc-section\" id=\"Nuestros_servicios_personalizados_y_exclusivos_pueden_ser\"><\/span><span id=\"Nuestros_servicios_personalizados_y_exclusivos_pueden_ser\">Nuestros <strong>servicios personalizados<\/strong> y exclusivos pueden ser:<\/span><span class=\"ez-toc-section-end\"><\/span><\/h3>\n<ul><\/ul>[\/et_pb_text][dsm_icon_list _builder_version=\u00bb4.19.1&#8243; _module_preset=\u00bbdefault\u00bb custom_margin=\u00bb||34px|||\u00bb text_font_size_tablet=\u00bb\u00bb text_font_size_phone=\u00bb14px\u00bb text_font_size_last_edited=\u00bbon|phone\u00bb global_colors_info=\u00bb{}\u00bb][dsm_icon_list_child text=\u00bbS\u00f3lo una ruta o un monumento\u00bb font_icon=\u00bb&#xf56b;||fa||900&#8243; icon_color=\u00bb#0C71C3&#8243; icon_font_size=\u00bb18px\u00bb _builder_version=\u00bb4.19.1&#8243; _module_preset=\u00bbdefault\u00bb text_font=\u00bbPoppins||||||||\u00bb text_text_color=\u00bb#000000&#8243; text_font_size=\u00bb18px\u00bb text_font_size_tablet=\u00bb18px\u00bb text_font_size_phone=\u00bb15px\u00bb text_font_size_last_edited=\u00bbon|phone\u00bb global_colors_info=\u00bb{}\u00bb][\/dsm_icon_list_child][dsm_icon_list_child text=\u00bbUna visita de media jornada\u00bb font_icon=\u00bb&#xf56b;||fa||900&#8243; icon_color=\u00bb#0C71C3&#8243; icon_font_size=\u00bb18px\u00bb _builder_version=\u00bb4.19.1&#8243; _module_preset=\u00bbdefault\u00bb text_font=\u00bbPoppins||||||||\u00bb text_text_color=\u00bb#000000&#8243; text_font_size=\u00bb18px\u00bb text_font_size_tablet=\u00bb18px\u00bb text_font_size_phone=\u00bb15px\u00bb text_font_size_last_edited=\u00bbon|phone\u00bb global_colors_info=\u00bb{}\u00bb][\/dsm_icon_list_child][dsm_icon_list_child text=\u00bbVisita de d\u00eda entero\u00bb font_icon=\u00bb&#xf56b;||fa||900&#8243; icon_color=\u00bb#0C71C3&#8243; icon_font_size=\u00bb18px\u00bb _builder_version=\u00bb4.19.1&#8243; _module_preset=\u00bbdefault\u00bb text_font=\u00bbPoppins||||||||\u00bb text_text_color=\u00bb#000000&#8243; text_font_size=\u00bb18px\u00bb text_font_size_tablet=\u00bb18px\u00bb text_font_size_phone=\u00bb15px\u00bb text_font_size_last_edited=\u00bbon|phone\u00bb global_colors_info=\u00bb{}\u00bb][\/dsm_icon_list_child][dsm_icon_list_child text=\u00bbUn proyecto de varios d\u00edas en Sevilla capital, provincia y otros lugares de Andalucia\u00bb font_icon=\u00bb&#xf56b;||fa||900&#8243; icon_color=\u00bb#0C71C3&#8243; icon_font_size=\u00bb18px\u00bb _builder_version=\u00bb4.19.1&#8243; _module_preset=\u00bbdefault\u00bb text_font=\u00bbPoppins||||||||\u00bb text_text_color=\u00bb#000000&#8243; text_font_size=\u00bb18px\u00bb text_font_size_tablet=\u00bb18px\u00bb text_font_size_phone=\u00bb15px\u00bb text_font_size_last_edited=\u00bbon|phone\u00bb global_colors_info=\u00bb{}\u00bb][\/dsm_icon_list_child][\/dsm_icon_list][et_pb_text _builder_version=\u00bb4.19.1&#8243; _module_preset=\u00bbdefault\u00bb text_font=\u00bbPoppins||||||||\u00bb text_text_color=\u00bb#000000&#8243; text_font_size=\u00bb18px\u00bb custom_margin=\u00bb45px||25px|||\u00bb text_font_size_tablet=\u00bb18px\u00bb text_font_size_phone=\u00bb15px\u00bb text_font_size_last_edited=\u00bbon|phone\u00bb global_colors_info=\u00bb{}\u00bb]<p>Queremos que viva experiencias \u00fanicas con nosotros y que le hagamos disfrutar de la historia y el patrimonio de una forma singular.<\/p>[\/et_pb_text][\/et_pb_column][\/et_pb_row][\/et_pb_section][et_pb_section fb_built=\u00bb1&#8243; _builder_version=\u00bb4.19.1&#8243; _module_preset=\u00bbdefault\u00bb background_color=\u00bb#0C71C3&#8243; custom_margin=\u00bb50px||||false|false\u00bb custom_padding=\u00bb18px||7px|||\u00bb animation_style=\u00bbslide\u00bb animation_direction=\u00bbleft\u00bb box_shadow_style=\u00bbpreset1&#8243; box_shadow_color=\u00bb#0C71C3&#8243; global_colors_info=\u00bb{}\u00bb][et_pb_row column_structure=\u00bb1_2,1_2&#8243; _builder_version=\u00bb4.19.1&#8243; _module_preset=\u00bbdefault\u00bb custom_margin=\u00bb|auto|33px|auto||\u00bb custom_padding=\u00bb|||0px||\u00bb global_colors_info=\u00bb{}\u00bb][et_pb_column type=\u00bb1_2&#8243; _builder_version=\u00bb4.19.1&#8243; _module_preset=\u00bbdefault\u00bb global_colors_info=\u00bb{}\u00bb][et_pb_image src=\u00bbhttps:\/\/conocersevilla.com\/wp\/wp-content\/uploads\/2020\/05\/Salvador-desde-las-tribunas.jpg\u00bb alt=\u00bbVisita privada al Salvador\u00bb title_text=\u00bbSalvador-desde-las-tribunas\u00bb _builder_version=\u00bb4.19.2&#8243; _module_preset=\u00bbdefault\u00bb width=\u00bb100%\u00bb custom_margin=\u00bb||||false|false\u00bb border_radii=\u00bbon|32px|32px|32px|32px\u00bb box_shadow_style=\u00bbpreset1&#8243; box_shadow_color=\u00bbrgba(255,255,255,0.28)\u00bb global_colors_info=\u00bb{}\u00bb][\/et_pb_image][\/et_pb_column][et_pb_column type=\u00bb1_2&#8243; _builder_version=\u00bb4.19.1&#8243; _module_preset=\u00bbdefault\u00bb global_colors_info=\u00bb{}\u00bb][et_pb_text _builder_version=\u00bb4.19.1&#8243; _module_preset=\u00bbdefault\u00bb text_font=\u00bbPoppins||||||||\u00bb text_text_color=\u00bb#FFFFFF\u00bb text_font_size=\u00bb18px\u00bb custom_margin=\u00bb26px||25px|||\u00bb text_font_size_tablet=\u00bb18px\u00bb text_font_size_phone=\u00bb15px\u00bb text_font_size_last_edited=\u00bbon|phone\u00bb global_colors_info=\u00bb{}\u00bb]<div class=\"wp-block-media-text alignwide is-stacked-on-mobile\">\n<div class=\"wp-block-media-text__content\">\n<p>Otra de las opciones que proponemos es la <strong>visita especial al templo del Salvador<\/strong> visitando cubiertas, criptas, y el bell\u00edsimo camar\u00edn de la Virgen de las Aguas, una de las grandes joyas desconocidas de la ciudad que podemos realizar en nuestra visita <a href=\"https:\/\/conocersevilla.com\/wp\/la-huella-de-lo-sagrado-visita-a-la-parte-oculta-de-la-iglesia-del-salvador\/\"><span style=\"color: white;\">Huella de lo Sagrado<\/span><\/a>.<\/p>\n<p>Estas son algunas de las propuestas que hemos pensado dise\u00f1ado para realizar esos <strong>servicios personalizados y exclusivos de forma privada en la ciudad<\/strong>. Adem\u00e1s de cualquier otra idea que ustedes deseen.<\/p>\n<\/div>\n<\/div>[\/et_pb_text][\/et_pb_column][\/et_pb_row][\/et_pb_section][et_pb_section fb_built=\u00bb1&#8243; custom_padding_last_edited=\u00bbon|phone\u00bb _builder_version=\u00bb4.19.1&#8243; _module_preset=\u00bbdefault\u00bb custom_margin=\u00bb||||false|false\u00bb custom_margin_tablet=\u00bb||||false|false\u00bb custom_margin_phone=\u00bb||||false|false\u00bb custom_margin_last_edited=\u00bbon|phone\u00bb custom_padding=\u00bb||0px||false|false\u00bb custom_padding_tablet=\u00bb||0px||false|false\u00bb custom_padding_phone=\u00bb0px||0px||false|false\u00bb global_colors_info=\u00bb{}\u00bb custom_margin__hover_enabled=\u00bboff|desktop\u00bb][et_pb_row column_structure=\u00bb1_2,1_2&#8243; _builder_version=\u00bb4.19.2&#8243; _module_preset=\u00bbdefault\u00bb max_width=\u00bb80%\u00bb custom_margin=\u00bb||40px|||\u00bb custom_margin_tablet=\u00bb||40px|||\u00bb custom_margin_phone=\u00bb||0px||false|false\u00bb custom_margin_last_edited=\u00bbon|phone\u00bb border_color_all=\u00bb#000000&#8243; global_colors_info=\u00bb{}\u00bb max_width__hover_enabled=\u00bboff|desktop\u00bb][et_pb_column type=\u00bb1_2&#8243; _builder_version=\u00bb4.19.2&#8243; _module_preset=\u00bbdefault\u00bb background_enable_image=\u00bboff\u00bb custom_padding=\u00bb24px|13px|24px|13px|true|true\u00bb link_option_url=\u00bbhttps:\/\/conocersevilla.com\/wp\/la-provincia-de-sevilla\/\u00bb global_colors_info=\u00bb{}\u00bb box_shadow_spread__hover_enabled=\u00bboff|desktop\u00bb box_shadow_spread__hover=\u00bb0px\u00bb box_shadow_color__hover_enabled=\u00bbon|hover\u00bb box_shadow_color__hover=\u00bbrgba(12,113,195,0.6)\u00bb border_color_all__hover_enabled=\u00bboff|desktop\u00bb border_color_all__hover=\u00bb#000000&#8243;][et_pb_text _builder_version=\u00bb4.19.2&#8243; _module_preset=\u00bbdefault\u00bb text_font=\u00bbPoppins|600|||||||\u00bb text_text_color=\u00bb#000000&#8243; text_font_size=\u00bb30px\u00bb text_line_height=\u00bb1.4em\u00bb text_orientation=\u00bbcenter\u00bb custom_margin=\u00bb||40px|||\u00bb link_option_url=\u00bbhttps:\/\/conocersevilla.com\/wp\/visita-privada-al-real-alcazar-de-sevilla\/\u00bb text_font_size_tablet=\u00bb30px\u00bb text_font_size_phone=\u00bb25px\u00bb text_font_size_last_edited=\u00bbon|phone\u00bb border_color_all=\u00bb#000000&#8243; global_colors_info=\u00bb{}\u00bb]<p>Visita privada al Real Alc\u00e1zar de Sevilla<\/p>[\/et_pb_text][et_pb_image src=\u00bbhttps:\/\/conocersevilla.com\/wp\/wp-content\/uploads\/2022\/07\/alcazar-de-sevilla-patio-doncellasred.jpg\u00bb alt=\u00bbalcazar-de-sevilla\u00bb title_text=\u00bbalcazar-de-sevilla-patio-doncellasred\u00bb _builder_version=\u00bb4.19.2&#8243; _module_preset=\u00bbdefault\u00bb width_tablet=\u00bb\u00bb width_phone=\u00bb100%\u00bb width_last_edited=\u00bbon|phone\u00bb custom_margin=\u00bb||40px|||\u00bb border_radii=\u00bboff|5px|24px|5px|24px\u00bb box_shadow_style=\u00bbpreset1&#8243; box_shadow_color=\u00bb#FFFFFF\u00bb global_colors_info=\u00bb{}\u00bb][\/et_pb_image][et_pb_text _builder_version=\u00bb4.19.2&#8243; _module_preset=\u00bbdefault\u00bb text_font=\u00bbPoppins||||||||\u00bb text_text_color=\u00bb#000000&#8243; text_font_size=\u00bb18px\u00bb text_line_height=\u00bb1.4em\u00bb text_font_size_tablet=\u00bb18px\u00bb text_font_size_phone=\u00bb15px\u00bb text_font_size_last_edited=\u00bbon|phone\u00bb global_colors_info=\u00bb{}\u00bb]<p>El Real Alc\u00e1zar de Sevilla es uno de los grandes edificios de la ciudad, el Palacio Real m\u00e1s antiguo de Europa es un edificio m\u00e1gico que nos habla de la grandeza de Sevilla<\/p>[\/et_pb_text][et_pb_text _builder_version=\u00bb4.19.2&#8243; _module_preset=\u00bbdefault\u00bb text_font=\u00bb|600|||||||\u00bb text_text_color=\u00bb#FFFFFF\u00bb text_font_size=\u00bb20px\u00bb background_color=\u00bb#000000&#8243; text_orientation=\u00bbcenter\u00bb custom_margin=\u00bb|9px||9px|false|true\u00bb custom_padding=\u00bb10px||10px||true|false\u00bb link_option_url=\u00bbhttps:\/\/conocersevilla.com\/wp\/visita-privada-al-real-alcazar-de-sevilla\/\u00bb border_width_all=\u00bb3px\u00bb border_color_all=\u00bb#FFFFFF\u00bb box_shadow_style=\u00bbpreset4&#8243; box_shadow_horizontal=\u00bb0px\u00bb box_shadow_vertical=\u00bb0px\u00bb box_shadow_spread=\u00bb3px\u00bb box_shadow_color=\u00bb#000000&#8243; global_colors_info=\u00bb{}\u00bb box_shadow_horizontal__hover_enabled=\u00bbon|hover\u00bb box_shadow_spread__hover_enabled=\u00bbon|desktop\u00bb box_shadow_horizontal__hover=\u00bb3px\u00bb border_width_left__hover_enabled=\u00bbon|hover\u00bb border_width_left__hover=\u00bb0px\u00bb box_shadow_color__hover_enabled=\u00bbon|hover\u00bb box_shadow_color__hover=\u00bb#0C71C3&#8243; box_shadow_spread__hover=\u00bb2px\u00bb border_color_all__hover_enabled=\u00bboff|hover\u00bb border_color_all__hover=\u00bb#FFFFFF\u00bb box_shadow_vertical__hover_enabled=\u00bbon|desktop\u00bb box_shadow_vertical__hover=\u00bb-3px\u00bb]<p>Leer M\u00e1s y Reservar<\/p>[\/et_pb_text][\/et_pb_column][et_pb_column type=\u00bb1_2&#8243; _builder_version=\u00bb4.19.2&#8243; _module_preset=\u00bbdefault\u00bb background_enable_image=\u00bboff\u00bb custom_padding=\u00bb24px|13px|24px|13px|true|true\u00bb link_option_url=\u00bbhttps:\/\/conocersevilla.com\/wp\/visita-privada-conventos-e-iglesias\/\u00bb global_colors_info=\u00bb{}\u00bb box_shadow_color__hover_enabled=\u00bbon|hover\u00bb box_shadow_color__hover=\u00bbrgba(12,113,195,0.6)\u00bb border_color_all__hover_enabled=\u00bboff|desktop\u00bb border_color_all__hover=\u00bb#000000&#8243;][et_pb_text _builder_version=\u00bb4.19.1&#8243; _module_preset=\u00bbdefault\u00bb text_font=\u00bbPoppins|600|||||||\u00bb text_text_color=\u00bb#000000&#8243; text_font_size=\u00bb30px\u00bb text_line_height=\u00bb1.4em\u00bb text_orientation=\u00bbcenter\u00bb custom_margin=\u00bb||40px|||\u00bb text_font_size_tablet=\u00bb30px\u00bb text_font_size_phone=\u00bb25px\u00bb text_font_size_last_edited=\u00bbon|phone\u00bb border_color_all=\u00bb#000000&#8243; global_colors_info=\u00bb{}\u00bb]<p>Visita privada conventos e iglesias<\/p>[\/et_pb_text][et_pb_image src=\u00bbhttps:\/\/conocersevilla.com\/wp\/wp-content\/uploads\/2020\/07\/visita-a-la-iglesia-de-san-luis-sanestanislao.jpg\u00bb title_text=\u00bbvisita-a-la-iglesia-de-san-luis-sanestanislao\u00bb _builder_version=\u00bb4.19.1&#8243; _module_preset=\u00bbdefault\u00bb width_tablet=\u00bb\u00bb width_phone=\u00bb100%\u00bb width_last_edited=\u00bbon|phone\u00bb custom_margin=\u00bb||40px|||\u00bb border_radii=\u00bboff||30px||30px\u00bb global_colors_info=\u00bb{}\u00bb][\/et_pb_image][et_pb_text _builder_version=\u00bb4.19.2&#8243; _module_preset=\u00bbdefault\u00bb text_font=\u00bbPoppins||||||||\u00bb text_text_color=\u00bb#000000&#8243; text_font_size=\u00bb18px\u00bb text_line_height=\u00bb1.4em\u00bb text_font_size_tablet=\u00bb18px\u00bb text_font_size_phone=\u00bb15px\u00bb text_font_size_last_edited=\u00bbon|phone\u00bb global_colors_info=\u00bb{}\u00bb]<p>Nuestra visita privada conventos e iglesias adem\u00e1s de descubrir esos lugares m\u00e1gicos uno de sus principales motivos de esta visita es que muchas de las maravillas y tesoros de Sevilla\u2026<\/p>[\/et_pb_text][et_pb_text _builder_version=\u00bb4.19.2&#8243; _module_preset=\u00bbdefault\u00bb text_font=\u00bb|600|||||||\u00bb text_text_color=\u00bb#FFFFFF\u00bb text_font_size=\u00bb20px\u00bb background_color=\u00bb#000000&#8243; text_orientation=\u00bbcenter\u00bb custom_margin=\u00bb|9px||9px|false|true\u00bb custom_padding=\u00bb10px||10px||true|false\u00bb link_option_url=\u00bbhttps:\/\/conocersevilla.com\/wp\/visita-privada-conventos-e-iglesias\/\u00bb border_width_all=\u00bb3px\u00bb border_color_all=\u00bb#FFFFFF\u00bb box_shadow_style=\u00bbpreset4&#8243; box_shadow_horizontal=\u00bb0px\u00bb box_shadow_vertical=\u00bb0px\u00bb box_shadow_spread=\u00bb3px\u00bb box_shadow_color=\u00bb#000000&#8243; global_colors_info=\u00bb{}\u00bb box_shadow_horizontal__hover_enabled=\u00bbon|hover\u00bb box_shadow_spread__hover_enabled=\u00bbon|desktop\u00bb box_shadow_horizontal__hover=\u00bb3px\u00bb border_width_left__hover_enabled=\u00bbon|hover\u00bb border_width_left__hover=\u00bb0px\u00bb box_shadow_color__hover_enabled=\u00bbon|hover\u00bb box_shadow_color__hover=\u00bb#0C71C3&#8243; box_shadow_spread__hover=\u00bb2px\u00bb border_color_all__hover_enabled=\u00bboff|hover\u00bb border_color_all__hover=\u00bb#FFFFFF\u00bb box_shadow_vertical__hover_enabled=\u00bbon|desktop\u00bb box_shadow_vertical__hover=\u00bb-3px\u00bb]<p>Leer M\u00e1s y Reservar<\/p>[\/et_pb_text][\/et_pb_column][\/et_pb_row][et_pb_row column_structure=\u00bb1_2,1_2&#8243; custom_padding_last_edited=\u00bbon|phone\u00bb _builder_version=\u00bb4.19.2&#8243; _module_preset=\u00bbdefault\u00bb max_width=\u00bb80%\u00bb custom_margin=\u00bb|auto|22px|auto||\u00bb custom_margin_tablet=\u00bb|auto|22px|auto||\u00bb custom_margin_phone=\u00bb|auto|0px|auto|false|false\u00bb custom_margin_last_edited=\u00bbon|phone\u00bb custom_padding_tablet=\u00bb\u00bb custom_padding_phone=\u00bb0px||||false|false\u00bb global_colors_info=\u00bb{}\u00bb custom_padding__hover_enabled=\u00bboff|desktop\u00bb][et_pb_column type=\u00bb1_2&#8243; _builder_version=\u00bb4.19.2&#8243; _module_preset=\u00bbdefault\u00bb background_enable_image=\u00bboff\u00bb custom_padding=\u00bb24px|13px|24px|13px|true|true\u00bb link_option_url=\u00bbhttps:\/\/conocersevilla.com\/wp\/visita-privada-la-sevilla-literaria\/\u00bb global_colors_info=\u00bb{}\u00bb box_shadow_spread__hover_enabled=\u00bboff|desktop\u00bb box_shadow_spread__hover=\u00bb0px\u00bb box_shadow_color__hover_enabled=\u00bbon|hover\u00bb box_shadow_color__hover=\u00bbrgba(12,113,195,0.6)\u00bb border_color_all__hover_enabled=\u00bboff|desktop\u00bb border_color_all__hover=\u00bb#000000&#8243;][et_pb_text _builder_version=\u00bb4.19.1&#8243; _module_preset=\u00bbdefault\u00bb text_font=\u00bbPoppins|600|||||||\u00bb text_text_color=\u00bb#000000&#8243; text_font_size=\u00bb30px\u00bb text_line_height=\u00bb1.4em\u00bb text_orientation=\u00bbcenter\u00bb custom_margin=\u00bb||40px|||\u00bb text_font_size_tablet=\u00bb30px\u00bb text_font_size_phone=\u00bb25px\u00bb text_font_size_last_edited=\u00bbon|phone\u00bb border_color_all=\u00bb#000000&#8243; global_colors_info=\u00bb{}\u00bb]<p>Visita privada: La Sevilla literaria<\/p>[\/et_pb_text][et_pb_image src=\u00bbhttps:\/\/conocersevilla.com\/wp\/wp-content\/uploads\/2020\/07\/Sevilla-literaria-Cernuda-Ocnos.jpg\u00bb title_text=\u00bbSevilla-literaria-Cernuda-Ocnos\u00bb _builder_version=\u00bb4.19.1&#8243; _module_preset=\u00bbdefault\u00bb width_tablet=\u00bb\u00bb width_phone=\u00bb100%\u00bb width_last_edited=\u00bbon|phone\u00bb custom_margin=\u00bb||40px|||\u00bb border_radii=\u00bboff|5px|24px|5px|24px\u00bb box_shadow_style=\u00bbpreset1&#8243; box_shadow_color=\u00bb#FFFFFF\u00bb global_colors_info=\u00bb{}\u00bb][\/et_pb_image][et_pb_text _builder_version=\u00bb4.19.2&#8243; _module_preset=\u00bbdefault\u00bb text_font=\u00bbPoppins||||||||\u00bb text_text_color=\u00bb#000000&#8243; text_font_size=\u00bb18px\u00bb text_line_height=\u00bb1.4em\u00bb text_font_size_tablet=\u00bb18px\u00bb text_font_size_phone=\u00bb15px\u00bb text_font_size_last_edited=\u00bbon|phone\u00bb global_colors_info=\u00bb{}\u00bb]<p>En nuestra visita privada de la Sevilla literaria le ofrecemos una actividad especial donde conocer\u00e1n algunos de los literatos m\u00e1s insignes que han pasado por nuestra ciudad, su historia, sus\u2026<\/p>[\/et_pb_text][et_pb_text _builder_version=\u00bb4.19.2&#8243; _module_preset=\u00bbdefault\u00bb text_font=\u00bb|600|||||||\u00bb text_text_color=\u00bb#FFFFFF\u00bb text_font_size=\u00bb20px\u00bb background_color=\u00bb#000000&#8243; text_orientation=\u00bbcenter\u00bb custom_margin=\u00bb|9px||9px|false|true\u00bb custom_padding=\u00bb10px||10px||true|false\u00bb link_option_url=\u00bbhttps:\/\/conocersevilla.com\/wp\/visita-privada-la-sevilla-literaria\/\u00bb border_width_all=\u00bb3px\u00bb border_color_all=\u00bb#FFFFFF\u00bb box_shadow_style=\u00bbpreset4&#8243; box_shadow_horizontal=\u00bb0px\u00bb box_shadow_vertical=\u00bb0px\u00bb box_shadow_spread=\u00bb3px\u00bb box_shadow_color=\u00bb#000000&#8243; global_colors_info=\u00bb{}\u00bb box_shadow_horizontal__hover_enabled=\u00bbon|hover\u00bb box_shadow_spread__hover_enabled=\u00bbon|desktop\u00bb box_shadow_horizontal__hover=\u00bb3px\u00bb border_width_left__hover_enabled=\u00bbon|hover\u00bb border_width_left__hover=\u00bb0px\u00bb box_shadow_color__hover_enabled=\u00bbon|hover\u00bb box_shadow_color__hover=\u00bb#0C71C3&#8243; box_shadow_spread__hover=\u00bb2px\u00bb border_color_all__hover_enabled=\u00bboff|hover\u00bb border_color_all__hover=\u00bb#FFFFFF\u00bb box_shadow_vertical__hover_enabled=\u00bbon|desktop\u00bb box_shadow_vertical__hover=\u00bb-3px\u00bb]<p>Leer M\u00e1s y Reservar<\/p>[\/et_pb_text][\/et_pb_column][et_pb_column type=\u00bb1_2&#8243; _builder_version=\u00bb4.19.2&#8243; _module_preset=\u00bbdefault\u00bb background_enable_image=\u00bboff\u00bb custom_padding=\u00bb24px|13px|24px|13px|true|true\u00bb link_option_url=\u00bbhttps:\/\/conocersevilla.com\/wp\/visita-privada-la-semana-santa-de-sevilla\/\u00bb global_colors_info=\u00bb{}\u00bb box_shadow_color__hover_enabled=\u00bbon|hover\u00bb box_shadow_color__hover=\u00bbrgba(12,113,195,0.6)\u00bb border_color_all__hover_enabled=\u00bboff|desktop\u00bb border_color_all__hover=\u00bb#000000&#8243;][et_pb_text _builder_version=\u00bb4.19.1&#8243; _module_preset=\u00bbdefault\u00bb text_font=\u00bbPoppins|600|||||||\u00bb text_text_color=\u00bb#000000&#8243; text_font_size=\u00bb30px\u00bb text_line_height=\u00bb1.4em\u00bb text_orientation=\u00bbcenter\u00bb custom_margin=\u00bb||40px|||\u00bb text_font_size_tablet=\u00bb30px\u00bb text_font_size_phone=\u00bb25px\u00bb text_font_size_last_edited=\u00bbon|phone\u00bb border_color_all=\u00bb#000000&#8243; global_colors_info=\u00bb{}\u00bb]<p>Visita privada la Semana Santa de Sevilla<\/p>[\/et_pb_text][et_pb_image src=\u00bbhttps:\/\/conocersevilla.com\/wp\/wp-content\/uploads\/2020\/07\/Visita-sobre-la-Semana-Santa.jpg\u00bb title_text=\u00bbVisita-sobre-la-Semana-Santa\u00bb align=\u00bbcenter\u00bb _builder_version=\u00bb4.19.1&#8243; _module_preset=\u00bbdefault\u00bb width_tablet=\u00bb\u00bb width_phone=\u00bb100%\u00bb width_last_edited=\u00bbon|phone\u00bb custom_margin=\u00bb||40px|||\u00bb border_radii=\u00bboff|5px|24px|5px|24px\u00bb box_shadow_style=\u00bbpreset1&#8243; box_shadow_color=\u00bb#FFFFFF\u00bb global_colors_info=\u00bb{}\u00bb width__hover_enabled=\u00bboff|desktop\u00bb][\/et_pb_image][et_pb_text _builder_version=\u00bb4.19.2&#8243; _module_preset=\u00bbdefault\u00bb text_font=\u00bbPoppins||||||||\u00bb text_text_color=\u00bb#000000&#8243; text_font_size=\u00bb18px\u00bb text_line_height=\u00bb1.4em\u00bb text_font_size_tablet=\u00bb18px\u00bb text_font_size_phone=\u00bb15px\u00bb text_font_size_last_edited=\u00bbon|phone\u00bb global_colors_info=\u00bb{}\u00bb]<p>En nuestra visita privada la Semana Santa de Sevilla intentaremos acercarles la que es sin lugar a dudas la gran celebraci\u00f3n de Sevilla: la Semana Santa, gracias a esta ruta\u2026<\/p>[\/et_pb_text][et_pb_text _builder_version=\u00bb4.19.2&#8243; _module_preset=\u00bbdefault\u00bb text_font=\u00bb|600|||||||\u00bb text_text_color=\u00bb#FFFFFF\u00bb text_font_size=\u00bb20px\u00bb background_color=\u00bb#000000&#8243; text_orientation=\u00bbcenter\u00bb custom_margin=\u00bb|9px||9px|false|true\u00bb custom_padding=\u00bb10px||10px||true|false\u00bb link_option_url=\u00bbhttps:\/\/conocersevilla.com\/wp\/visita-privada-la-semana-santa-de-sevilla\/\u00bb border_width_all=\u00bb3px\u00bb border_color_all=\u00bb#FFFFFF\u00bb box_shadow_style=\u00bbpreset4&#8243; box_shadow_horizontal=\u00bb0px\u00bb box_shadow_vertical=\u00bb0px\u00bb box_shadow_spread=\u00bb3px\u00bb box_shadow_color=\u00bb#000000&#8243; global_colors_info=\u00bb{}\u00bb box_shadow_horizontal__hover_enabled=\u00bbon|hover\u00bb box_shadow_spread__hover_enabled=\u00bbon|desktop\u00bb box_shadow_horizontal__hover=\u00bb3px\u00bb border_width_left__hover_enabled=\u00bbon|hover\u00bb border_width_left__hover=\u00bb0px\u00bb box_shadow_color__hover_enabled=\u00bbon|hover\u00bb box_shadow_color__hover=\u00bb#0C71C3&#8243; box_shadow_spread__hover=\u00bb2px\u00bb border_color_all__hover_enabled=\u00bboff|hover\u00bb border_color_all__hover=\u00bb#FFFFFF\u00bb box_shadow_vertical__hover_enabled=\u00bbon|desktop\u00bb box_shadow_vertical__hover=\u00bb-3px\u00bb]<p>Leer M\u00e1s y Reservar<\/p>[\/et_pb_text][\/et_pb_column][\/et_pb_row][et_pb_row column_structure=\u00bb1_2,1_2&#8243; custom_padding_last_edited=\u00bbon|phone\u00bb _builder_version=\u00bb4.19.2&#8243; _module_preset=\u00bbdefault\u00bb max_width=\u00bb80%\u00bb custom_margin=\u00bb|auto|25px|auto||\u00bb custom_margin_tablet=\u00bb|auto|25px|auto||\u00bb custom_margin_phone=\u00bb|auto|0px|auto|false|false\u00bb custom_margin_last_edited=\u00bbon|phone\u00bb custom_padding_tablet=\u00bb\u00bb custom_padding_phone=\u00bb0px||||false|false\u00bb global_colors_info=\u00bb{}\u00bb][et_pb_column type=\u00bb1_2&#8243; _builder_version=\u00bb4.19.2&#8243; _module_preset=\u00bbdefault\u00bb background_enable_image=\u00bboff\u00bb custom_padding=\u00bb24px|13px|24px|13px|true|true\u00bb link_option_url=\u00bbhttps:\/\/conocersevilla.com\/wp\/visita-privada-conocer-sevilla\/\u00bb global_colors_info=\u00bb{}\u00bb box_shadow_spread__hover_enabled=\u00bboff|desktop\u00bb box_shadow_spread__hover=\u00bb0px\u00bb box_shadow_color__hover_enabled=\u00bbon|hover\u00bb box_shadow_color__hover=\u00bbrgba(12,113,195,0.6)\u00bb border_color_all__hover_enabled=\u00bboff|desktop\u00bb border_color_all__hover=\u00bb#000000&#8243;][et_pb_text _builder_version=\u00bb4.19.1&#8243; _module_preset=\u00bbdefault\u00bb text_font=\u00bbPoppins|600|||||||\u00bb text_text_color=\u00bb#000000&#8243; text_font_size=\u00bb30px\u00bb text_line_height=\u00bb1.4em\u00bb text_orientation=\u00bbcenter\u00bb custom_margin=\u00bb||40px|||\u00bb text_font_size_tablet=\u00bb30px\u00bb text_font_size_phone=\u00bb25px\u00bb text_font_size_last_edited=\u00bbon|phone\u00bb border_color_all=\u00bb#000000&#8243; global_colors_info=\u00bb{}\u00bb]<p>Visita privada Conocer Sevilla<\/p>[\/et_pb_text][et_pb_image src=\u00bbhttps:\/\/conocersevilla.com\/wp\/wp-content\/uploads\/2020\/07\/visita-a-Sevilla.jpg\u00bb title_text=\u00bbvisita-a-Sevilla\u00bb _builder_version=\u00bb4.19.1&#8243; _module_preset=\u00bbdefault\u00bb width_tablet=\u00bb\u00bb width_phone=\u00bb100%\u00bb width_last_edited=\u00bbon|phone\u00bb custom_margin=\u00bb||40px|||\u00bb border_radii=\u00bboff||30px||30px\u00bb border_color_all=\u00bb#000000&#8243; global_colors_info=\u00bb{}\u00bb width__hover_enabled=\u00bboff|desktop\u00bb][\/et_pb_image][et_pb_text _builder_version=\u00bb4.19.2&#8243; _module_preset=\u00bbdefault\u00bb text_font=\u00bbPoppins||||||||\u00bb text_text_color=\u00bb#000000&#8243; text_font_size=\u00bb18px\u00bb text_line_height=\u00bb1.4em\u00bb text_font_size_tablet=\u00bb18px\u00bb text_font_size_phone=\u00bb15px\u00bb text_font_size_last_edited=\u00bbon|phone\u00bb global_colors_info=\u00bb{}\u00bb]<p>En esta visita privada Conocer Sevilla, podr\u00e1 disfrutar de forma exclusiva los hitos m\u00e1s importantes de la ciudad, su historia y algunos de los monumentos m\u00e1s rese\u00f1ables. La idea es\u2026<\/p>[\/et_pb_text][et_pb_text _builder_version=\u00bb4.19.1&#8243; _module_preset=\u00bbdefault\u00bb text_font=\u00bb|600|||||||\u00bb text_text_color=\u00bb#FFFFFF\u00bb text_font_size=\u00bb20px\u00bb background_color=\u00bb#000000&#8243; text_orientation=\u00bbcenter\u00bb custom_margin=\u00bb|9px||9px|false|true\u00bb custom_padding=\u00bb10px||10px||true|false\u00bb border_width_all=\u00bb3px\u00bb border_color_all=\u00bb#FFFFFF\u00bb box_shadow_style=\u00bbpreset4&#8243; box_shadow_horizontal=\u00bb0px\u00bb box_shadow_vertical=\u00bb0px\u00bb box_shadow_spread=\u00bb3px\u00bb box_shadow_color=\u00bb#000000&#8243; global_colors_info=\u00bb{}\u00bb box_shadow_horizontal__hover_enabled=\u00bbon|hover\u00bb box_shadow_spread__hover_enabled=\u00bbon|desktop\u00bb box_shadow_horizontal__hover=\u00bb3px\u00bb border_width_left__hover_enabled=\u00bbon|hover\u00bb border_width_left__hover=\u00bb0px\u00bb box_shadow_color__hover_enabled=\u00bbon|hover\u00bb box_shadow_color__hover=\u00bb#0C71C3&#8243; box_shadow_spread__hover=\u00bb2px\u00bb border_color_all__hover_enabled=\u00bboff|hover\u00bb border_color_all__hover=\u00bb#FFFFFF\u00bb box_shadow_vertical__hover_enabled=\u00bbon|desktop\u00bb box_shadow_vertical__hover=\u00bb-3px\u00bb]<p>Leer M\u00e1s y Reservar<\/p>[\/et_pb_text][\/et_pb_column][et_pb_column type=\u00bb1_2&#8243; _builder_version=\u00bb4.19.2&#8243; _module_preset=\u00bbdefault\u00bb background_enable_image=\u00bboff\u00bb custom_padding=\u00bb24px|13px|24px|13px|true|true\u00bb link_option_url=\u00bbhttps:\/\/conocersevilla.com\/wp\/visita-a-una-ganaderia\/\u00bb global_colors_info=\u00bb{}\u00bb box_shadow_color__hover_enabled=\u00bbon|hover\u00bb box_shadow_color__hover=\u00bbrgba(12,113,195,0.6)\u00bb border_color_all__hover_enabled=\u00bboff|desktop\u00bb border_color_all__hover=\u00bb#000000&#8243;][et_pb_text _builder_version=\u00bb4.19.1&#8243; _module_preset=\u00bbdefault\u00bb text_font=\u00bbPoppins|600|||||||\u00bb text_text_color=\u00bb#000000&#8243; text_font_size=\u00bb30px\u00bb text_line_height=\u00bb1.4em\u00bb text_orientation=\u00bbcenter\u00bb custom_margin=\u00bb||40px|||\u00bb text_font_size_tablet=\u00bb30px\u00bb text_font_size_phone=\u00bb25px\u00bb text_font_size_last_edited=\u00bbon|phone\u00bb border_color_all=\u00bb#000000&#8243; global_colors_info=\u00bb{}\u00bb]<p>La provincia de Sevilla: Carmona, \u00c9cija, Osuna, Olivares, Marchena\u2026<\/p>[\/et_pb_text][et_pb_image src=\u00bbhttps:\/\/conocersevilla.com\/wp\/wp-content\/uploads\/2020\/06\/Vista-panoramica-de-Carmona.jpg\u00bb alt=\u00bbVisita a Carmona y la provincia de Sevilla\u00bb title_text=\u00bbVista-panoramica-de-Carmona\u00bb _builder_version=\u00bb4.19.2&#8243; _module_preset=\u00bbdefault\u00bb width_tablet=\u00bb\u00bb width_phone=\u00bb100%\u00bb width_last_edited=\u00bbon|phone\u00bb custom_margin=\u00bb||40px|||\u00bb border_radii=\u00bboff|5px|24px|5px|24px\u00bb box_shadow_style=\u00bbpreset1&#8243; box_shadow_color=\u00bb#FFFFFF\u00bb global_colors_info=\u00bb{}\u00bb][\/et_pb_image][et_pb_text _builder_version=\u00bb4.19.2&#8243; _module_preset=\u00bbdefault\u00bb text_font=\u00bbPoppins||||||||\u00bb text_text_color=\u00bb#000000&#8243; text_font_size=\u00bb18px\u00bb text_line_height=\u00bb1.4em\u00bb text_font_size_tablet=\u00bb18px\u00bb text_font_size_phone=\u00bb15px\u00bb text_font_size_last_edited=\u00bbon|phone\u00bb global_colors_info=\u00bb{}\u00bb]<p>Sevilla es mucho m\u00e1s que la capital, os invitamos a descubrir algunos de los lugares m\u00e1s interesantes de su provincia como Carmona, Osuna o \u00c9cija\u2026<\/p>[\/et_pb_text][et_pb_text _builder_version=\u00bb4.19.1&#8243; _module_preset=\u00bbdefault\u00bb text_font=\u00bb|600|||||||\u00bb text_text_color=\u00bb#FFFFFF\u00bb text_font_size=\u00bb20px\u00bb background_color=\u00bb#000000&#8243; text_orientation=\u00bbcenter\u00bb custom_margin=\u00bb|9px||9px|false|true\u00bb custom_padding=\u00bb10px||10px||true|false\u00bb border_width_all=\u00bb3px\u00bb border_color_all=\u00bb#FFFFFF\u00bb box_shadow_style=\u00bbpreset4&#8243; box_shadow_horizontal=\u00bb0px\u00bb box_shadow_vertical=\u00bb0px\u00bb box_shadow_spread=\u00bb3px\u00bb box_shadow_color=\u00bb#000000&#8243; global_colors_info=\u00bb{}\u00bb box_shadow_horizontal__hover_enabled=\u00bbon|hover\u00bb box_shadow_spread__hover_enabled=\u00bbon|desktop\u00bb box_shadow_horizontal__hover=\u00bb3px\u00bb border_width_left__hover_enabled=\u00bbon|hover\u00bb border_width_left__hover=\u00bb0px\u00bb box_shadow_color__hover_enabled=\u00bbon|hover\u00bb box_shadow_color__hover=\u00bb#0C71C3&#8243; box_shadow_spread__hover=\u00bb2px\u00bb border_color_all__hover_enabled=\u00bboff|hover\u00bb border_color_all__hover=\u00bb#FFFFFF\u00bb box_shadow_vertical__hover_enabled=\u00bbon|desktop\u00bb box_shadow_vertical__hover=\u00bb-3px\u00bb]<p>Leer M\u00e1s y Reservar<\/p>[\/et_pb_text][\/et_pb_column][\/et_pb_row][et_pb_row column_structure=\u00bb1_2,1_2&#8243; custom_padding_last_edited=\u00bbon|phone\u00bb _builder_version=\u00bb4.19.2&#8243; _module_preset=\u00bbdefault\u00bb max_width=\u00bb80%\u00bb custom_margin=\u00bb|auto|25px|auto||\u00bb custom_margin_tablet=\u00bb|auto|25px|auto||\u00bb custom_margin_phone=\u00bb|auto|0px|auto|false|false\u00bb custom_margin_last_edited=\u00bbon|phone\u00bb custom_padding_tablet=\u00bb\u00bb custom_padding_phone=\u00bb0px||||false|false\u00bb global_colors_info=\u00bb{}\u00bb][et_pb_column type=\u00bb1_2&#8243; _builder_version=\u00bb4.19.2&#8243; _module_preset=\u00bbdefault\u00bb background_enable_image=\u00bboff\u00bb custom_padding=\u00bb24px|13px|24px|13px|true|true\u00bb link_option_url=\u00bbhttps:\/\/conocersevilla.com\/wp\/visita-privada-conocer-sevilla\/\u00bb global_colors_info=\u00bb{}\u00bb box_shadow_spread__hover_enabled=\u00bboff|desktop\u00bb box_shadow_spread__hover=\u00bb0px\u00bb box_shadow_color__hover_enabled=\u00bbon|hover\u00bb box_shadow_color__hover=\u00bbrgba(12,113,195,0.6)\u00bb border_color_all__hover_enabled=\u00bboff|desktop\u00bb border_color_all__hover=\u00bb#000000&#8243;][et_pb_text _builder_version=\u00bb4.19.1&#8243; _module_preset=\u00bbdefault\u00bb text_font=\u00bbPoppins|600|||||||\u00bb text_text_color=\u00bb#000000&#8243; text_font_size=\u00bb30px\u00bb text_line_height=\u00bb1.4em\u00bb text_orientation=\u00bbcenter\u00bb custom_margin=\u00bb||40px|||\u00bb text_font_size_tablet=\u00bb30px\u00bb text_font_size_phone=\u00bb25px\u00bb text_font_size_last_edited=\u00bbon|phone\u00bb border_color_all=\u00bb#000000&#8243; global_colors_info=\u00bb{}\u00bb]<p>Visita privada Conocer Sevilla<\/p>[\/et_pb_text][et_pb_image src=\u00bbhttps:\/\/conocersevilla.com\/wp\/wp-content\/uploads\/2020\/07\/visita-a-Sevilla.jpg\u00bb title_text=\u00bbvisita-a-Sevilla\u00bb _builder_version=\u00bb4.19.1&#8243; _module_preset=\u00bbdefault\u00bb width_tablet=\u00bb\u00bb width_phone=\u00bb100%\u00bb width_last_edited=\u00bbon|phone\u00bb custom_margin=\u00bb||40px|||\u00bb border_radii=\u00bboff||30px||30px\u00bb border_color_all=\u00bb#000000&#8243; global_colors_info=\u00bb{}\u00bb width__hover_enabled=\u00bboff|desktop\u00bb][\/et_pb_image][et_pb_text _builder_version=\u00bb4.19.2&#8243; _module_preset=\u00bbdefault\u00bb text_font=\u00bbPoppins||||||||\u00bb text_text_color=\u00bb#000000&#8243; text_font_size=\u00bb18px\u00bb text_line_height=\u00bb1.4em\u00bb text_font_size_tablet=\u00bb18px\u00bb text_font_size_phone=\u00bb15px\u00bb text_font_size_last_edited=\u00bbon|phone\u00bb global_colors_info=\u00bb{}\u00bb]<p>En esta visita privada Conocer Sevilla, podr\u00e1 disfrutar de forma exclusiva los hitos m\u00e1s importantes de la ciudad, su historia y algunos de los monumentos m\u00e1s rese\u00f1ables. La idea es\u2026<\/p>[\/et_pb_text][et_pb_text _builder_version=\u00bb4.19.1&#8243; _module_preset=\u00bbdefault\u00bb text_font=\u00bb|600|||||||\u00bb text_text_color=\u00bb#FFFFFF\u00bb text_font_size=\u00bb20px\u00bb background_color=\u00bb#000000&#8243; text_orientation=\u00bbcenter\u00bb custom_margin=\u00bb|9px||9px|false|true\u00bb custom_padding=\u00bb10px||10px||true|false\u00bb border_width_all=\u00bb3px\u00bb border_color_all=\u00bb#FFFFFF\u00bb box_shadow_style=\u00bbpreset4&#8243; box_shadow_horizontal=\u00bb0px\u00bb box_shadow_vertical=\u00bb0px\u00bb box_shadow_spread=\u00bb3px\u00bb box_shadow_color=\u00bb#000000&#8243; global_colors_info=\u00bb{}\u00bb box_shadow_horizontal__hover_enabled=\u00bbon|hover\u00bb box_shadow_spread__hover_enabled=\u00bbon|desktop\u00bb box_shadow_horizontal__hover=\u00bb3px\u00bb border_width_left__hover_enabled=\u00bbon|hover\u00bb border_width_left__hover=\u00bb0px\u00bb box_shadow_color__hover_enabled=\u00bbon|hover\u00bb box_shadow_color__hover=\u00bb#0C71C3&#8243; box_shadow_spread__hover=\u00bb2px\u00bb border_color_all__hover_enabled=\u00bboff|hover\u00bb border_color_all__hover=\u00bb#FFFFFF\u00bb box_shadow_vertical__hover_enabled=\u00bbon|desktop\u00bb box_shadow_vertical__hover=\u00bb-3px\u00bb]<p>Leer M\u00e1s y Reservar<\/p>[\/et_pb_text][\/et_pb_column][et_pb_column type=\u00bb1_2&#8243; _builder_version=\u00bb4.19.2&#8243; _module_preset=\u00bbdefault\u00bb background_enable_image=\u00bboff\u00bb custom_padding=\u00bb24px|13px|24px|13px|true|true\u00bb link_option_url=\u00bbhttps:\/\/conocersevilla.com\/wp\/visita-a-una-ganaderia\/\u00bb global_colors_info=\u00bb{}\u00bb box_shadow_color__hover_enabled=\u00bbon|hover\u00bb box_shadow_color__hover=\u00bbrgba(12,113,195,0.6)\u00bb border_color_all__hover_enabled=\u00bboff|desktop\u00bb border_color_all__hover=\u00bb#000000&#8243;][et_pb_text _builder_version=\u00bb4.19.1&#8243; _module_preset=\u00bbdefault\u00bb text_font=\u00bbPoppins|600|||||||\u00bb text_text_color=\u00bb#000000&#8243; text_font_size=\u00bb30px\u00bb text_line_height=\u00bb1.4em\u00bb text_orientation=\u00bbcenter\u00bb custom_margin=\u00bb||40px|||\u00bb text_font_size_tablet=\u00bb30px\u00bb text_font_size_phone=\u00bb25px\u00bb text_font_size_last_edited=\u00bbon|phone\u00bb border_color_all=\u00bb#000000&#8243; global_colors_info=\u00bb{}\u00bb]<p>Visita privada Palacios de Sevilla<\/p>[\/et_pb_text][et_pb_image src=\u00bbhttps:\/\/conocersevilla.com\/wp\/wp-content\/uploads\/2024\/02\/entrada-casa-de-pilatos.webp\u00bb alt=\u00bbLa_casa_de_pilatos\u00bb title_text=\u00bbentrada-casa-de-pilatos\u00bb url=\u00bbhttps:\/\/conocersevilla.com\/wp\/visita-privada-palacios-de-sevilla\/\u00bb _builder_version=\u00bb4.19.2&#8243; _module_preset=\u00bbdefault\u00bb width_tablet=\u00bb\u00bb width_phone=\u00bb100%\u00bb width_last_edited=\u00bbon|phone\u00bb custom_margin=\u00bb||40px|||\u00bb border_radii=\u00bboff|5px|24px|5px|24px\u00bb box_shadow_style=\u00bbpreset1&#8243; box_shadow_color=\u00bb#FFFFFF\u00bb global_colors_info=\u00bb{}\u00bb][\/et_pb_image][et_pb_text _builder_version=\u00bb4.19.2&#8243; _module_preset=\u00bbdefault\u00bb text_font=\u00bbPoppins||||||||\u00bb text_text_color=\u00bb#000000&#8243; text_font_size=\u00bb18px\u00bb text_line_height=\u00bb1.4em\u00bb text_font_size_tablet=\u00bb18px\u00bb text_font_size_phone=\u00bb15px\u00bb text_font_size_last_edited=\u00bbon|phone\u00bb global_colors_info=\u00bb{}\u00bb]<p>Sevilla alberga algunos de los palacios m\u00e1s bellos de la Pen\u00ednsula, con esta visita los descubriremos. Os invitamos a descubrir los palacios de Due\u00f1as y la Casa de Pilatos. Una experiencia inolvidable que le marcar\u00e1<\/p>[\/et_pb_text][et_pb_text _builder_version=\u00bb4.19.2&#8243; _module_preset=\u00bbdefault\u00bb text_font=\u00bb|600|||||||\u00bb text_text_color=\u00bb#FFFFFF\u00bb text_font_size=\u00bb20px\u00bb background_color=\u00bb#000000&#8243; text_orientation=\u00bbcenter\u00bb custom_margin=\u00bb|9px||9px|false|true\u00bb custom_padding=\u00bb10px||10px||true|false\u00bb link_option_url=\u00bbhttps:\/\/conocersevilla.com\/wp\/visita-privada-palacios-de-sevilla\/\u00bb border_width_all=\u00bb3px\u00bb border_color_all=\u00bb#FFFFFF\u00bb box_shadow_style=\u00bbpreset4&#8243; box_shadow_horizontal=\u00bb0px\u00bb box_shadow_vertical=\u00bb0px\u00bb box_shadow_spread=\u00bb3px\u00bb box_shadow_color=\u00bb#000000&#8243; global_colors_info=\u00bb{}\u00bb box_shadow_horizontal__hover_enabled=\u00bbon|hover\u00bb box_shadow_spread__hover_enabled=\u00bbon|desktop\u00bb box_shadow_horizontal__hover=\u00bb3px\u00bb border_width_left__hover_enabled=\u00bbon|hover\u00bb border_width_left__hover=\u00bb0px\u00bb box_shadow_color__hover_enabled=\u00bbon|hover\u00bb box_shadow_color__hover=\u00bb#0C71C3&#8243; box_shadow_spread__hover=\u00bb2px\u00bb border_color_all__hover_enabled=\u00bboff|hover\u00bb border_color_all__hover=\u00bb#FFFFFF\u00bb box_shadow_vertical__hover_enabled=\u00bbon|desktop\u00bb box_shadow_vertical__hover=\u00bb-3px\u00bb]<p>Leer M\u00e1s y Reservar<\/p>[\/et_pb_text][\/et_pb_column][\/et_pb_row][et_pb_row column_structure=\u00bb1_2,1_2&#8243; custom_padding_last_edited=\u00bbon|phone\u00bb _builder_version=\u00bb4.19.2&#8243; _module_preset=\u00bbdefault\u00bb max_width=\u00bb80%\u00bb custom_padding_tablet=\u00bb\u00bb custom_padding_phone=\u00bb0px||||false|false\u00bb global_colors_info=\u00bb{}\u00bb][et_pb_column type=\u00bb1_2&#8243; _builder_version=\u00bb4.19.2&#8243; _module_preset=\u00bbdefault\u00bb background_enable_image=\u00bboff\u00bb custom_padding=\u00bb24px|13px|24px|13px|true|true\u00bb link_option_url=\u00bbhttps:\/\/conocersevilla.com\/wp\/visita-privada-y-viaje-en-globo\/\u00bb global_colors_info=\u00bb{}\u00bb box_shadow_spread__hover_enabled=\u00bboff|desktop\u00bb box_shadow_spread__hover=\u00bb0px\u00bb box_shadow_color__hover_enabled=\u00bbon|hover\u00bb box_shadow_color__hover=\u00bbrgba(12,113,195,0.6)\u00bb border_color_all__hover_enabled=\u00bboff|desktop\u00bb border_color_all__hover=\u00bb#000000&#8243;][et_pb_text _builder_version=\u00bb4.19.2&#8243; _module_preset=\u00bbdefault\u00bb text_font=\u00bbPoppins|600|||||||\u00bb text_text_color=\u00bb#000000&#8243; text_font_size=\u00bb30px\u00bb text_line_height=\u00bb1.4em\u00bb text_orientation=\u00bbcenter\u00bb custom_margin=\u00bb||40px|||\u00bb text_font_size_tablet=\u00bb30px\u00bb text_font_size_phone=\u00bb25px\u00bb text_font_size_last_edited=\u00bbon|phone\u00bb border_color_all=\u00bb#000000&#8243; global_colors_info=\u00bb{}\u00bb]<p>Visita privada a C\u00e1diz<\/p>[\/et_pb_text][et_pb_image src=\u00bbhttps:\/\/conocersevilla.com\/wp\/wp-content\/uploads\/2024\/03\/cadiz-general.webp\u00bb alt=\u00bbVisita_a_Cadiz\u00bb title_text=\u00bbcadiz general\u00bb _builder_version=\u00bb4.19.2&#8243; _module_preset=\u00bbdefault\u00bb width_tablet=\u00bb\u00bb width_phone=\u00bb100%\u00bb width_last_edited=\u00bbon|phone\u00bb custom_margin=\u00bb||40px|||\u00bb hover_enabled=\u00bb0&#8243; border_radii=\u00bboff|5px|24px|5px|24px\u00bb box_shadow_style=\u00bbpreset1&#8243; box_shadow_color=\u00bb#FFFFFF\u00bb global_colors_info=\u00bb{}\u00bb url=\u00bbhttps:\/\/conocersevilla.com\/wp\/visita-privada-a-cadiz\/\u00bb sticky_enabled=\u00bb0&#8243;][\/et_pb_image][et_pb_text _builder_version=\u00bb4.19.2&#8243; _module_preset=\u00bbdefault\u00bb text_font=\u00bbPoppins||||||||\u00bb text_text_color=\u00bb#000000&#8243; text_font_size=\u00bb18px\u00bb text_line_height=\u00bb1.4em\u00bb text_font_size_tablet=\u00bb18px\u00bb text_font_size_phone=\u00bb15px\u00bb text_font_size_last_edited=\u00bbon|phone\u00bb global_colors_info=\u00bb{}\u00bb]<p>C\u00e1diz es sin duda una de las ciudades m\u00e1s bellas de la pen\u00ednsula ib\u00e9rica y la ciudad m\u00e1s antigua del occidente europeo. Os invitamos a descubrir los tesoros de esta primorosa y m\u00e1gica ciudad.<\/p>[\/et_pb_text][et_pb_text _builder_version=\u00bb4.19.2&#8243; _module_preset=\u00bbdefault\u00bb text_font=\u00bb|600|||||||\u00bb text_text_color=\u00bb#FFFFFF\u00bb text_font_size=\u00bb20px\u00bb background_color=\u00bb#000000&#8243; text_orientation=\u00bbcenter\u00bb custom_margin=\u00bb|9px||9px|false|true\u00bb custom_padding=\u00bb10px||10px||true|false\u00bb hover_enabled=\u00bb0&#8243; border_width_all=\u00bb3px\u00bb border_color_all=\u00bb#FFFFFF\u00bb box_shadow_style=\u00bbpreset4&#8243; box_shadow_horizontal=\u00bb0px\u00bb box_shadow_vertical=\u00bb0px\u00bb box_shadow_spread=\u00bb3px\u00bb box_shadow_color=\u00bb#000000&#8243; global_colors_info=\u00bb{}\u00bb box_shadow_horizontal__hover_enabled=\u00bbon|hover\u00bb box_shadow_spread__hover_enabled=\u00bbon|desktop\u00bb box_shadow_horizontal__hover=\u00bb3px\u00bb border_width_left__hover_enabled=\u00bbon|hover\u00bb border_width_left__hover=\u00bb0px\u00bb box_shadow_color__hover_enabled=\u00bbon|hover\u00bb box_shadow_color__hover=\u00bb#0C71C3&#8243; box_shadow_spread__hover=\u00bb2px\u00bb border_color_all__hover_enabled=\u00bboff|hover\u00bb border_color_all__hover=\u00bb#FFFFFF\u00bb box_shadow_vertical__hover_enabled=\u00bbon|desktop\u00bb box_shadow_vertical__hover=\u00bb-3px\u00bb link_option_url=\u00bbhttps:\/\/conocersevilla.com\/wp\/visita-privada-a-cadiz\/\u00bb sticky_enabled=\u00bb0&#8243;]<p>Leer M\u00e1s y Reservar<\/p>[\/et_pb_text][\/et_pb_column][et_pb_column type=\u00bb1_2&#8243; _builder_version=\u00bb4.19.2&#8243; _module_preset=\u00bbdefault\u00bb background_enable_image=\u00bboff\u00bb custom_padding=\u00bb24px|13px|24px|13px|true|true\u00bb link_option_url=\u00bbhttps:\/\/conocersevilla.com\/wp\/hospital-de-la-caridad-un-viaje-en-el-tiempo\/\u00bb global_colors_info=\u00bb{}\u00bb box_shadow_color__hover_enabled=\u00bbon|hover\u00bb box_shadow_color__hover=\u00bbrgba(12,113,195,0.6)\u00bb border_color_all__hover_enabled=\u00bboff|desktop\u00bb border_color_all__hover=\u00bb#000000&#8243;][et_pb_text _builder_version=\u00bb4.19.1&#8243; _module_preset=\u00bbdefault\u00bb text_font=\u00bbPoppins|600|||||||\u00bb text_text_color=\u00bb#000000&#8243; text_font_size=\u00bb30px\u00bb text_line_height=\u00bb1.4em\u00bb text_orientation=\u00bbcenter\u00bb custom_margin=\u00bb||40px|||\u00bb text_font_size_tablet=\u00bb30px\u00bb text_font_size_phone=\u00bb25px\u00bb text_font_size_last_edited=\u00bbon|phone\u00bb border_color_all=\u00bb#000000&#8243; global_colors_info=\u00bb{}\u00bb]<p>Hospital de la Caridad: Un viaje en el tiempo<\/p>[\/et_pb_text][et_pb_image src=\u00bbhttps:\/\/conocersevilla.com\/wp\/wp-content\/uploads\/2021\/11\/ESH-LA-CARIDAD-CARTEL-DIFUSION-1240-1240.jpg\u00bb title_text=\u00bbESH-LA-CARIDAD-CARTEL-DIFUSION-1240-1240&#8243; align=\u00bbcenter\u00bb _builder_version=\u00bb4.19.1&#8243; _module_preset=\u00bbdefault\u00bb width=\u00bb56%\u00bb width_tablet=\u00bb56%\u00bb width_phone=\u00bb100%\u00bb width_last_edited=\u00bbon|phone\u00bb custom_margin=\u00bb||40px|||\u00bb border_radii=\u00bboff|5px|24px|5px|24px\u00bb box_shadow_style=\u00bbpreset1&#8243; box_shadow_color=\u00bb#FFFFFF\u00bb global_colors_info=\u00bb{}\u00bb][\/et_pb_image][et_pb_text _builder_version=\u00bb4.19.2&#8243; _module_preset=\u00bbdefault\u00bb text_font=\u00bbPoppins||||||||\u00bb text_text_color=\u00bb#000000&#8243; text_font_size=\u00bb18px\u00bb text_line_height=\u00bb1.4em\u00bb text_font_size_tablet=\u00bb18px\u00bb text_font_size_phone=\u00bb15px\u00bb text_font_size_last_edited=\u00bbon|phone\u00bb global_colors_info=\u00bb{}\u00bb]<p>Os proponemos una visita muy especial denominada un viaje en el tiempo en el hospital de la Caridad. Con motivo de los 800 a\u00f1os de Alfonso X el Sabio y el aniversario de Vald\u00e9s Leal<\/p>[\/et_pb_text][et_pb_text _builder_version=\u00bb4.19.1&#8243; _module_preset=\u00bbdefault\u00bb text_font=\u00bb|600|||||||\u00bb text_text_color=\u00bb#FFFFFF\u00bb text_font_size=\u00bb20px\u00bb background_color=\u00bb#000000&#8243; text_orientation=\u00bbcenter\u00bb custom_margin=\u00bb|9px||9px|false|true\u00bb custom_padding=\u00bb10px||10px||true|false\u00bb border_width_all=\u00bb3px\u00bb border_color_all=\u00bb#FFFFFF\u00bb box_shadow_style=\u00bbpreset4&#8243; box_shadow_horizontal=\u00bb0px\u00bb box_shadow_vertical=\u00bb0px\u00bb box_shadow_spread=\u00bb3px\u00bb box_shadow_color=\u00bb#000000&#8243; global_colors_info=\u00bb{}\u00bb box_shadow_horizontal__hover_enabled=\u00bbon|hover\u00bb box_shadow_spread__hover_enabled=\u00bbon|desktop\u00bb box_shadow_horizontal__hover=\u00bb3px\u00bb border_width_left__hover_enabled=\u00bbon|hover\u00bb border_width_left__hover=\u00bb0px\u00bb box_shadow_color__hover_enabled=\u00bbon|hover\u00bb box_shadow_color__hover=\u00bb#0C71C3&#8243; box_shadow_spread__hover=\u00bb2px\u00bb border_color_all__hover_enabled=\u00bboff|hover\u00bb border_color_all__hover=\u00bb#FFFFFF\u00bb box_shadow_vertical__hover_enabled=\u00bbon|desktop\u00bb box_shadow_vertical__hover=\u00bb-3px\u00bb]<p>Leer M\u00e1s y Reservar<\/p>[\/et_pb_text][\/et_pb_column][\/et_pb_row][et_pb_row _builder_version=\u00bb4.19.1&#8243; _module_preset=\u00bbdefault\u00bb max_width=\u00bb80%\u00bb custom_padding=\u00bb||6px|||\u00bb global_colors_info=\u00bb{}\u00bb][et_pb_column type=\u00bb4_4&#8243; _builder_version=\u00bb4.19.1&#8243; _module_preset=\u00bbdefault\u00bb global_colors_info=\u00bb{}\u00bb][et_pb_text _builder_version=\u00bb4.19.1&#8243; _module_preset=\u00bbdefault\u00bb text_text_color=\u00bb#000000&#8243; text_font_size=\u00bb18px\u00bb header_text_align=\u00bbcenter\u00bb header_3_font=\u00bbPoppins|600|||||||\u00bb header_3_text_align=\u00bbleft\u00bb header_3_text_color=\u00bb#000000&#8243; header_3_font_size=\u00bb30px\u00bb text_orientation=\u00bbcenter\u00bb custom_margin=\u00bb||9px|||\u00bb header_3_font_size_tablet=\u00bb30px\u00bb header_3_font_size_phone=\u00bb25px\u00bb header_3_font_size_last_edited=\u00bbon|phone\u00bb global_colors_info=\u00bb{}\u00bb]<h3><span class=\"ez-toc-section\" id=\"Otros_servicios_personalizados\"><\/span>Otros servicios personalizados:<span class=\"ez-toc-section-end\"><\/span><\/h3>\n<ul><\/ul>[\/et_pb_text][et_pb_text _builder_version=\u00bb4.19.1&#8243; _module_preset=\u00bbdefault\u00bb text_font=\u00bbPoppins||||||||\u00bb text_text_color=\u00bb#000000&#8243; text_font_size=\u00bb25px\u00bb header_text_align=\u00bbcenter\u00bb header_3_font=\u00bbPoppins|600|||||||\u00bb header_3_text_align=\u00bbcenter\u00bb header_3_font_size=\u00bb30px\u00bb text_orientation=\u00bbcenter\u00bb custom_margin=\u00bb||9px|||\u00bb text_font_size_tablet=\u00bb25px\u00bb text_font_size_phone=\u00bb20px\u00bb text_font_size_last_edited=\u00bbon|phone\u00bb header_3_font_size_tablet=\u00bb30px\u00bb header_3_font_size_phone=\u00bb25px\u00bb header_3_font_size_last_edited=\u00bbon|phone\u00bb global_colors_info=\u00bb{}\u00bb]<p>Solicitar propuestas o presupuestos por su actividad.<\/p>\n<ul><\/ul>[\/et_pb_text][\/et_pb_column][\/et_pb_row][et_pb_row custom_padding_last_edited=\u00bboff|phone\u00bb _builder_version=\u00bb4.19.1&#8243; _module_preset=\u00bbdefault\u00bb background_color=\u00bb#0C71C3&#8243; width_tablet=\u00bb\u00bb width_phone=\u00bb100%\u00bb width_last_edited=\u00bbon|phone\u00bb max_width_tablet=\u00bb\u00bb max_width_phone=\u00bb100%\u00bb max_width_last_edited=\u00bbon|phone\u00bb custom_margin=\u00bb||40px||false|false\u00bb custom_margin_tablet=\u00bb||40px||false|false\u00bb custom_margin_phone=\u00bb||0px||false|false\u00bb custom_margin_last_edited=\u00bbon|phone\u00bb custom_padding=\u00bb||||false|false\u00bb custom_padding_phone=\u00bb||||false|true\u00bb border_radii=\u00bbon|27px|27px|27px|27px\u00bb border_radii_tablet=\u00bbon|27px|27px|27px|27px\u00bb border_radii_phone=\u00bbon|0px|0px|0px|0px\u00bb border_radii_last_edited=\u00bbon|phone\u00bb global_colors_info=\u00bb{}\u00bb][et_pb_column type=\u00bb4_4&#8243; _builder_version=\u00bb4.19.1&#8243; _module_preset=\u00bbdefault\u00bb global_colors_info=\u00bb{}\u00bb][et_pb_contact_form captcha=\u00bboff\u00bb _builder_version=\u00bb4.19.1&#8243; _module_preset=\u00bbdefault\u00bb _unique_id=\u00bb828f9d46-60f5-4a29-882b-147036815071&#8243; background_enable_color=\u00bboff\u00bb custom_button=\u00bbon\u00bb button_text_size=\u00bb18px\u00bb button_text_color=\u00bb#FFFFFF\u00bb button_bg_color=\u00bb#0C71C3&#8243; button_border_color=\u00bb#0C71C3&#8243; button_border_radius=\u00bb15px\u00bb button_font=\u00bbPoppins||||||||\u00bb button_icon=\u00bb&#xf56b;||fa||900&#8243; button_icon_color=\u00bb#FFFFFF\u00bb width=\u00bb75%\u00bb module_alignment=\u00bbcenter\u00bb global_colors_info=\u00bb{}\u00bb][et_pb_contact_field field_id=\u00bbEmail\u00bb field_title=\u00bbDirecci\u00f3n de correo electr\u00f3nico\u00bb field_type=\u00bbemail\u00bb _builder_version=\u00bb4.19.1&#8243; form_field_background_color=\u00bb#FFFFFF\u00bb form_field_text_color=\u00bb#000000&#8243; form_field_font=\u00bbPoppins||||||||\u00bb form_field_text_align=\u00bbcenter\u00bb form_field_font_size=\u00bb18px\u00bb background_enable_color=\u00bboff\u00bb text_orientation=\u00bbcenter\u00bb width_last_edited=\u00bboff|phone\u00bb custom_margin=\u00bb|||201px|false|false\u00bb custom_margin_tablet=\u00bb|||201px|false|false\u00bb custom_margin_phone=\u00bb|||0px|false|false\u00bb custom_margin_last_edited=\u00bbon|phone\u00bb custom_padding=\u00bb||||false|false\u00bb form_field_font_size_tablet=\u00bb18px\u00bb form_field_font_size_phone=\u00bb15px\u00bb form_field_font_size_last_edited=\u00bbon|phone\u00bb border_radii=\u00bbon|27px|27px|27px|27px\u00bb global_colors_info=\u00bb{}\u00bb button_text_size__hover_enabled=\u00bboff\u00bb button_one_text_size__hover_enabled=\u00bboff\u00bb button_two_text_size__hover_enabled=\u00bboff\u00bb button_text_color__hover_enabled=\u00bboff\u00bb button_one_text_color__hover_enabled=\u00bboff\u00bb button_two_text_color__hover_enabled=\u00bboff\u00bb button_border_width__hover_enabled=\u00bboff\u00bb button_one_border_width__hover_enabled=\u00bboff\u00bb button_two_border_width__hover_enabled=\u00bboff\u00bb button_border_color__hover_enabled=\u00bboff\u00bb button_one_border_color__hover_enabled=\u00bboff\u00bb button_two_border_color__hover_enabled=\u00bboff\u00bb button_border_radius__hover_enabled=\u00bboff\u00bb button_one_border_radius__hover_enabled=\u00bboff\u00bb button_two_border_radius__hover_enabled=\u00bboff\u00bb button_letter_spacing__hover_enabled=\u00bboff\u00bb button_one_letter_spacing__hover_enabled=\u00bboff\u00bb button_two_letter_spacing__hover_enabled=\u00bboff\u00bb button_bg_color__hover_enabled=\u00bboff\u00bb button_one_bg_color__hover_enabled=\u00bboff\u00bb button_two_bg_color__hover_enabled=\u00bboff\u00bb][\/et_pb_contact_field][et_pb_contact_field field_id=\u00bbMessage\u00bb field_title=\u00bbMensaje\u00bb field_type=\u00bbtext\u00bb fullwidth_field=\u00bbon\u00bb _builder_version=\u00bb4.19.1&#8243; form_field_background_color=\u00bb#FFFFFF\u00bb form_field_text_color=\u00bb#000000&#8243; form_field_font=\u00bbPoppins||||||||\u00bb form_field_text_align=\u00bbleft\u00bb form_field_font_size=\u00bb18px\u00bb form_field_font_size_tablet=\u00bb18px\u00bb form_field_font_size_phone=\u00bb15px\u00bb form_field_font_size_last_edited=\u00bbon|phone\u00bb border_radii=\u00bbon|27px|27px|27px|27px\u00bb global_colors_info=\u00bb{}\u00bb button_text_size__hover_enabled=\u00bboff\u00bb button_one_text_size__hover_enabled=\u00bboff\u00bb button_two_text_size__hover_enabled=\u00bboff\u00bb button_text_color__hover_enabled=\u00bboff\u00bb button_one_text_color__hover_enabled=\u00bboff\u00bb button_two_text_color__hover_enabled=\u00bboff\u00bb button_border_width__hover_enabled=\u00bboff\u00bb button_one_border_width__hover_enabled=\u00bboff\u00bb button_two_border_width__hover_enabled=\u00bboff\u00bb button_border_color__hover_enabled=\u00bboff\u00bb button_one_border_color__hover_enabled=\u00bboff\u00bb button_two_border_color__hover_enabled=\u00bboff\u00bb button_border_radius__hover_enabled=\u00bboff\u00bb button_one_border_radius__hover_enabled=\u00bboff\u00bb button_two_border_radius__hover_enabled=\u00bboff\u00bb button_letter_spacing__hover_enabled=\u00bboff\u00bb button_one_letter_spacing__hover_enabled=\u00bboff\u00bb button_two_letter_spacing__hover_enabled=\u00bboff\u00bb button_bg_color__hover_enabled=\u00bboff\u00bb button_one_bg_color__hover_enabled=\u00bboff\u00bb button_two_bg_color__hover_enabled=\u00bboff\u00bb][\/et_pb_contact_field][\/et_pb_contact_form][\/et_pb_column][\/et_pb_row][\/et_pb_section]\n","protected":false},"excerpt":{"rendered":"<p>Servicios Personalizados y ExclusivosSi usted desea un servicio personalizado y exclusivo realizado a su medida\u00a0 sin compartir con otras personas, ConocerSevilla tambi\u00e9n se lo ofrece, nuestra idea es dar servicio a todos los clientes y atender personalmente sus peticiones por muy exigentes y exclusivas que estas sean a trav\u00e9s de nuestras visitas privadas a Sevilla. [&hellip;]<\/p>\n","protected":false},"author":4,"featured_media":0,"parent":0,"menu_order":0,"comment_status":"closed","ping_status":"closed","template":"","meta":{"_et_pb_use_builder":"on","_et_pb_old_content":"","_et_gb_content_width":""},"yoast_head":"<!-- This site is optimized with the Yoast SEO plugin v20.5 - https:\/\/yoast.com\/wordpress\/plugins\/seo\/ -->\n<title>Servicios personalizados - Conocer Sevilla<\/title>\n<meta name=\"description\" content=\"Servicios personalizados, visitas privadas en Sevilla y Andaluc\u00eda, guias privados, visitas a medida, Sevilla oculta, gu\u00eda privada Sevilla\" \/>\n<meta name=\"robots\" content=\"index, follow, max-snippet:-1, max-image-preview:large, max-video-preview:-1\" \/>\n<link rel=\"canonical\" href=\"https:\/\/conocersevilla.com\/wp\/servicios-personalizados\/\" \/>\n<meta property=\"og:locale\" content=\"es_ES\" \/>\n<meta property=\"og:type\" content=\"article\" \/>\n<meta property=\"og:title\" content=\"Servicios personalizados - Conocer Sevilla\" \/>\n<meta property=\"og:description\" content=\"Servicios personalizados, visitas privadas en Sevilla y Andaluc\u00eda, guias privados, visitas a medida, Sevilla oculta, gu\u00eda privada Sevilla\" \/>\n<meta property=\"og:url\" content=\"https:\/\/conocersevilla.com\/wp\/servicios-personalizados\/\" \/>\n<meta property=\"og:site_name\" content=\"Conocer Sevilla\" \/>\n<meta property=\"article:publisher\" content=\"https:\/\/www.facebook.com\/conocersevilla.rutasculturales\/\" \/>\n<meta property=\"article:modified_time\" content=\"2024-07-04T12:52:28+00:00\" \/>\n<meta name=\"twitter:card\" content=\"summary_large_image\" \/>\n<meta name=\"twitter:site\" content=\"@conocersevilla1\" \/>\n<meta name=\"twitter:label1\" content=\"Tiempo de lectura\" \/>\n\t<meta name=\"twitter:data1\" content=\"10 minutos\" \/>\n<script type=\"application\/ld+json\" class=\"yoast-schema-graph\">{\"@context\":\"https:\/\/schema.org\",\"@graph\":[{\"@type\":\"WebPage\",\"@id\":\"https:\/\/conocersevilla.com\/wp\/servicios-personalizados\/\",\"url\":\"https:\/\/conocersevilla.com\/wp\/servicios-personalizados\/\",\"name\":\"Servicios personalizados - Conocer Sevilla\",\"isPartOf\":{\"@id\":\"https:\/\/conocersevilla.com\/wp\/#website\"},\"datePublished\":\"2022-12-22T10:54:07+00:00\",\"dateModified\":\"2024-07-04T12:52:28+00:00\",\"description\":\"Servicios personalizados, visitas privadas en Sevilla y Andaluc\u00eda, guias privados, visitas a medida, Sevilla oculta, gu\u00eda privada Sevilla\",\"breadcrumb\":{\"@id\":\"https:\/\/conocersevilla.com\/wp\/servicios-personalizados\/#breadcrumb\"},\"inLanguage\":\"es\",\"potentialAction\":[{\"@type\":\"ReadAction\",\"target\":[\"https:\/\/conocersevilla.com\/wp\/servicios-personalizados\/\"]}]},{\"@type\":\"BreadcrumbList\",\"@id\":\"https:\/\/conocersevilla.com\/wp\/servicios-personalizados\/#breadcrumb\",\"itemListElement\":[{\"@type\":\"ListItem\",\"position\":1,\"name\":\"Portada\",\"item\":\"https:\/\/conocersevilla.com\/wp\/\"},{\"@type\":\"ListItem\",\"position\":2,\"name\":\"Servicios personalizados\"}]},{\"@type\":\"WebSite\",\"@id\":\"https:\/\/conocersevilla.com\/wp\/#website\",\"url\":\"https:\/\/conocersevilla.com\/wp\/\",\"name\":\"Conocer Sevilla\",\"description\":\"Informaci\u00f3n, Eventos,  Actividades y Rutas\",\"publisher\":{\"@id\":\"https:\/\/conocersevilla.com\/wp\/#organization\"},\"potentialAction\":[{\"@type\":\"SearchAction\",\"target\":{\"@type\":\"EntryPoint\",\"urlTemplate\":\"https:\/\/conocersevilla.com\/wp\/?s={search_term_string}\"},\"query-input\":\"required name=search_term_string\"}],\"inLanguage\":\"es\"},{\"@type\":\"Organization\",\"@id\":\"https:\/\/conocersevilla.com\/wp\/#organization\",\"name\":\"Conocer Sevilla\",\"url\":\"https:\/\/conocersevilla.com\/wp\/\",\"logo\":{\"@type\":\"ImageObject\",\"inLanguage\":\"es\",\"@id\":\"https:\/\/conocersevilla.com\/wp\/#\/schema\/logo\/image\/\",\"url\":\"https:\/\/conocersevilla.com\/wp\/wp-content\/uploads\/2018\/06\/LOGO-CONOCERSEVILLA.jpg\",\"contentUrl\":\"https:\/\/conocersevilla.com\/wp\/wp-content\/uploads\/2018\/06\/LOGO-CONOCERSEVILLA.jpg\",\"width\":601,\"height\":601,\"caption\":\"Conocer Sevilla\"},\"image\":{\"@id\":\"https:\/\/conocersevilla.com\/wp\/#\/schema\/logo\/image\/\"},\"sameAs\":[\"https:\/\/www.facebook.com\/conocersevilla.rutasculturales\/\",\"https:\/\/twitter.com\/conocersevilla1\",\"https:\/\/www.instagram.com\/conocersevilla\/\",\"https:\/\/www.youtube.com\/channel\/UCTRvK4AMIu4BsciTW7S4ymQ\/\"]}]}<\/script>\n<!-- \/ Yoast SEO plugin. -->","yoast_head_json":{"title":"Servicios personalizados - Conocer Sevilla","description":"Servicios personalizados, visitas privadas en Sevilla y Andaluc\u00eda, guias privados, visitas a medida, Sevilla oculta, gu\u00eda privada Sevilla","robots":{"index":"index","follow":"follow","max-snippet":"max-snippet:-1","max-image-preview":"max-image-preview:large","max-video-preview":"max-video-preview:-1"},"canonical":"https:\/\/conocersevilla.com\/wp\/servicios-personalizados\/","og_locale":"es_ES","og_type":"article","og_title":"Servicios personalizados - Conocer Sevilla","og_description":"Servicios personalizados, visitas privadas en Sevilla y Andaluc\u00eda, guias privados, visitas a medida, Sevilla oculta, gu\u00eda privada Sevilla","og_url":"https:\/\/conocersevilla.com\/wp\/servicios-personalizados\/","og_site_name":"Conocer Sevilla","article_publisher":"https:\/\/www.facebook.com\/conocersevilla.rutasculturales\/","article_modified_time":"2024-07-04T12:52:28+00:00","twitter_card":"summary_large_image","twitter_site":"@conocersevilla1","twitter_misc":{"Tiempo de lectura":"10 minutos"},"schema":{"@context":"https:\/\/schema.org","@graph":[{"@type":"WebPage","@id":"https:\/\/conocersevilla.com\/wp\/servicios-personalizados\/","url":"https:\/\/conocersevilla.com\/wp\/servicios-personalizados\/","name":"Servicios personalizados - Conocer Sevilla","isPartOf":{"@id":"https:\/\/conocersevilla.com\/wp\/#website"},"datePublished":"2022-12-22T10:54:07+00:00","dateModified":"2024-07-04T12:52:28+00:00","description":"Servicios personalizados, visitas privadas en Sevilla y Andaluc\u00eda, guias privados, visitas a medida, Sevilla oculta, gu\u00eda privada Sevilla","breadcrumb":{"@id":"https:\/\/conocersevilla.com\/wp\/servicios-personalizados\/#breadcrumb"},"inLanguage":"es","potentialAction":[{"@type":"ReadAction","target":["https:\/\/conocersevilla.com\/wp\/servicios-personalizados\/"]}]},{"@type":"BreadcrumbList","@id":"https:\/\/conocersevilla.com\/wp\/servicios-personalizados\/#breadcrumb","itemListElement":[{"@type":"ListItem","position":1,"name":"Portada","item":"https:\/\/conocersevilla.com\/wp\/"},{"@type":"ListItem","position":2,"name":"Servicios personalizados"}]},{"@type":"WebSite","@id":"https:\/\/conocersevilla.com\/wp\/#website","url":"https:\/\/conocersevilla.com\/wp\/","name":"Conocer Sevilla","description":"Informaci\u00f3n, Eventos,  Actividades y Rutas","publisher":{"@id":"https:\/\/conocersevilla.com\/wp\/#organization"},"potentialAction":[{"@type":"SearchAction","target":{"@type":"EntryPoint","urlTemplate":"https:\/\/conocersevilla.com\/wp\/?s={search_term_string}"},"query-input":"required name=search_term_string"}],"inLanguage":"es"},{"@type":"Organization","@id":"https:\/\/conocersevilla.com\/wp\/#organization","name":"Conocer Sevilla","url":"https:\/\/conocersevilla.com\/wp\/","logo":{"@type":"ImageObject","inLanguage":"es","@id":"https:\/\/conocersevilla.com\/wp\/#\/schema\/logo\/image\/","url":"https:\/\/conocersevilla.com\/wp\/wp-content\/uploads\/2018\/06\/LOGO-CONOCERSEVILLA.jpg","contentUrl":"https:\/\/conocersevilla.com\/wp\/wp-content\/uploads\/2018\/06\/LOGO-CONOCERSEVILLA.jpg","width":601,"height":601,"caption":"Conocer Sevilla"},"image":{"@id":"https:\/\/conocersevilla.com\/wp\/#\/schema\/logo\/image\/"},"sameAs":["https:\/\/www.facebook.com\/conocersevilla.rutasculturales\/","https:\/\/twitter.com\/conocersevilla1","https:\/\/www.instagram.com\/conocersevilla\/","https:\/\/www.youtube.com\/channel\/UCTRvK4AMIu4BsciTW7S4ymQ\/"]}]}},"_links":{"self":[{"href":"https:\/\/conocersevilla.com\/wp\/wp-json\/wp\/v2\/pages\/4561"}],"collection":[{"href":"https:\/\/conocersevilla.com\/wp\/wp-json\/wp\/v2\/pages"}],"about":[{"href":"https:\/\/conocersevilla.com\/wp\/wp-json\/wp\/v2\/types\/page"}],"author":[{"embeddable":true,"href":"https:\/\/conocersevilla.com\/wp\/wp-json\/wp\/v2\/users\/4"}],"replies":[{"embeddable":true,"href":"https:\/\/conocersevilla.com\/wp\/wp-json\/wp\/v2\/comments?post=4561"}],"version-history":[{"count":16,"href":"https:\/\/conocersevilla.com\/wp\/wp-json\/wp\/v2\/pages\/4561\/revisions"}],"predecessor-version":[{"id":7141,"href":"https:\/\/conocersevilla.com\/wp\/wp-json\/wp\/v2\/pages\/4561\/revisions\/7141"}],"wp:attachment":[{"href":"https:\/\/conocersevilla.com\/wp\/wp-json\/wp\/v2\/media?parent=4561"}],"curies":[{"name":"wp","href":"https:\/\/api.w.org\/{rel}","templated":true}]}}